{"id":93,"date":"2025-11-08T03:53:10","date_gmt":"2025-11-08T03:53:10","guid":{"rendered":"https:\/\/evenimente.cursurimachiaj.ro\/wordpress\/?post_type=etn&#038;p=93"},"modified":"2026-01-27T16:40:23","modified_gmt":"2026-01-27T16:40:23","slug":"ziua-portilor-deschise-in-domeniul-frumusetii-editia-v","status":"publish","type":"etn","link":"https:\/\/evenimente.cursurimachiaj.ro\/wordpress\/etn\/ziua-portilor-deschise-in-domeniul-frumusetii-editia-v\/","title":{"rendered":"Ziua por\u021bilor deschise \u00een domeniul frumuse\u021bii edi\u021bia V"},"content":{"rendered":"<p>\u00a0<\/p>\n<p><img loading=\"lazy\" decoding=\"async\" class=\"size-medium wp-image-15 aligncenter\" src=\"https:\/\/evenimente.cursurimachiaj.ro\/wordpress\/wp-content\/uploads\/2025\/11\/high-212x300.jpg\" alt=\"\" width=\"212\" height=\"300\" srcset=\"https:\/\/evenimente.cursurimachiaj.ro\/wordpress\/wp-content\/uploads\/2025\/11\/high-212x300.jpg 212w, https:\/\/evenimente.cursurimachiaj.ro\/wordpress\/wp-content\/uploads\/2025\/11\/high-724x1024.jpg 724w, https:\/\/evenimente.cursurimachiaj.ro\/wordpress\/wp-content\/uploads\/2025\/11\/high-768x1086.jpg 768w, https:\/\/evenimente.cursurimachiaj.ro\/wordpress\/wp-content\/uploads\/2025\/11\/high-1086x1536.jpg 1086w, https:\/\/evenimente.cursurimachiaj.ro\/wordpress\/wp-content\/uploads\/2025\/11\/high-1448x2048.jpg 1448w, https:\/\/evenimente.cursurimachiaj.ro\/wordpress\/wp-content\/uploads\/2025\/11\/high-600x849.jpg 600w, https:\/\/evenimente.cursurimachiaj.ro\/wordpress\/wp-content\/uploads\/2025\/11\/high-scaled.jpg 1810w\" sizes=\"auto, (max-width: 212px) 100vw, 212px\" \/><\/p>\n<p>27.01.2026<\/p>\n<p>Teatrul Nae Leonard Galati<\/p>\n<p>Descoper\u0103 for\u021ba din tine! G\u0103se\u0219te motiva\u021bia, echilibrul \u0219i frumuse\u021bea interioar\u0103!<\/p>\n<p>Anul acesta, la cea de-a cincea edi\u021bie a Zilei Por\u021bilor Deschise \u00een Domeniul Frumuse\u021bii, te invit\u0103m s\u0103 tr\u0103ie\u0219ti o experien\u021b\u0103 unic\u0103, dedicat\u0103 inspira\u021biei, motiva\u021biei \u0219i redescoperirii frumuse\u021bii \u00een toate formele ei.<\/p>\n<p>Invitatul nostru special, cunoscut pentru energia pozitiv\u0103, pove\u0219tile autentice \u0219i modul \u00een care inspir\u0103 mii de oameni s\u0103-\u0219i descopere poten\u021bialul, va aduce o real\u0103 valoare tuturor participan\u021bilor.<\/p>\n<p>\u00a0<\/p>\n<p>\u00a0<\/p>\n<p><a href=\"https:\/\/paulolteanu.ro\/despre-paul\/#section2\">Master Trainer \u0219i Coach premiat<\/a>, Paul Olteanu este una dintre cele mai relevante \u0219i cunoscute voci din industria dezvolt\u0103rii personale \u0219i profesionale din Rom\u00e2nia.<\/p>\n<p>Este Fondatorul \u0219i CEO-ul\u00a0<a href=\"https:\/\/www.mindarchitect.ro\/\">Mind Architect<\/a>\u00a0\u2013 o companie hibrid\u0103 de media \u0219i L&#038;D, ce are ca misiune \u00eembun\u0103t\u0103\u021birea calit\u0103\u021bii vie\u021bii \u0219i a rela\u021biilor noastre prin intermediul programelor de dezvoltare fundamentate \u0219tiin\u021bific \u0219i a formatelor media inovative.<\/p>\n<p>De asemenea, este fondatorul \u0219i gazda\u00a0<a href=\"https:\/\/mindarchitect.ro\/podcast\/\">Podcastului Mind Architect<\/a>\u00a0\u2013 cel mai premiat \u0219i ascultat podcast educa\u021bional din Rom\u00e2nia.<\/p>\n<p>\u00cen ultimii 15 ani, Paul \u0219i echipa sa au dezvoltat \u0219i livrat programe de dezvoltare pe teme precum\u00a0<a href=\"https:\/\/paulolteanu.ro\/programe-servicii\/process-communication-model\/\">PCM (Process Communication Model)<\/a>,\u00a0<a href=\"https:\/\/paulolteanu.ro\/programe-servicii\/neurostiinta-comunicarii\/\" target=\"_blank\" rel=\"noreferrer noopener\">neuro\u0219tiin\u021ba \u0219i psihologia comunic\u0103rii<\/a>, neuro\u0219tiin\u021ba leadershipului,\u00a0<a href=\"https:\/\/paulolteanu.ro\/masterclass\/stiinta-increderii-si-a-colaborarii\/\" target=\"_blank\" rel=\"noreferrer noopener\">\u00eencredere \u0219i colaborare<\/a>,\u00a0<a href=\"https:\/\/paulolteanu.ro\/masterclass\/neurobiologia-stresului\/\" target=\"_blank\" rel=\"noreferrer noopener\">gestiunea stresului \u0219i cre\u0219terea rezilien\u021bei<\/a>\u00a0\u0219i\u00a0<a href=\"https:\/\/paulolteanu.ro\/programe-servicii\/public-speaking\/\" target=\"_blank\" rel=\"noreferrer noopener\">public speaking<\/a>, \u00een fa\u021ba audien\u021belor din Europa, Statele Unite \u0219i Asia.<\/p>\n<p>Din 2013, Paul a fost anual cel mai activ trainer \u0219i coach PCM din Rom\u00e2nia \u0219i anual \u00een Top 5 din Europa, lucr\u00e2nd cu mii de profesioni\u0219ti \u0219i zeci de organiza\u021bii la nivel na\u021bional \u0219i interna\u021bional.<\/p>\n<p>Anterior, Paul a fost Head of PR pentru Universitatea Rom\u00e2no-American\u0103 \u0219i Head of Strategy and New Business pentru agen\u021bia de comunicarea\u00a0Headvertising.<\/p>\n<p>\u00a0<\/p>\n<p>Evenimentul aduce \u00eempreun\u0103 profesioni\u0219ti din domeniul frumuse\u021bii, pasiona\u021bi, antreprenori \u0219i oameni care cred \u00een puterea evolu\u021biei personale.<\/p>\n<p>Fie c\u0103 e\u0219ti pasionat de \u00eengrijire, de dezvoltare personal\u0103 sau pur \u0219i simplu vrei s\u0103 petreci o zi plin\u0103 de energie pozitiv\u0103, Edi\u021bia a V-a a Zilei Por\u021bilor Deschise \u00een Domeniul Frumuse\u021bii este locul perfect pentru tine.<\/p>\n<p>Al\u0103turi de C\u0103t\u0103lina Aron, make-up artist \u0219i creator al acestui concept, vei explora leg\u0103tura dintre frumuse\u021bea exterioar\u0103 \u0219i cea interioar\u0103, \u00eentr-un cadru cald, inspira\u021bional \u0219i plin de emo\u021bie.<\/p>\n<p>\ud83d\udccd Un eveniment care te va inspira, te va emo\u021biona \u0219i te va face s\u0103 prive\u0219ti via\u021ba cu mai mult\u0103 claritate \u0219i iubire de sine.<br \/>Locurile sunt limitate, asigur\u0103-\u021bi biletul \u0219i ofer\u0103-\u021bi aceast\u0103 experien\u021b\u0103 de suflet.<\/p>\n<h6>\u00a0<\/h6>\n<h6 style=\"text-align: left;padding-left: 40px\">Radurile:\u00a0<\/h6>\n<h6 style=\"text-align: left;padding-left: 40px\"><span style=\"color: #ff0000\">O\u00a0<\/span> 1\/2 VIP 399lei\u00a0 \u00a0 \u00a0<\/h6>\n<h6 style=\"text-align: left;padding-left: 40px\"><span style=\"color: #ffcc00\">O<\/span> \u00a03\/4 Gold 299 lei.\u00a0 \u00a0 \u00a0 \u00a0<\/h6>\n<h6 style=\"text-align: left;padding-left: 40px\"><span style=\"color: #999999\">O<\/span> 5\/6 Silver 219 lei\u00a0 \u00a0 \u00a0<\/h6>\n<h6 style=\"text-align: left;padding-left: 40px\"><span style=\"color: #993300\">O<\/span> \u00a0 7\/8\/9\u00a0 Bronze 199 lei.\u00a0 \u00a0 \u00a0 \u00a0<\/h6>\n<h6 style=\"text-align: left;padding-left: 40px\"><span style=\"color: #808080\">O Locuri Gri = Ocupate<\/span><\/h6>\n<p>\u00a0<\/p>\n<p>\u00a0<\/p>\n","protected":false},"excerpt":{"rendered":"<p>\u00a0 27.01.2026 Teatrul Nae Leonard Galati Descoper\u0103 for\u021ba din tine! G\u0103se\u0219te motiva\u021bia, echilibrul \u0219i frumuse\u021bea interioar\u0103! Anul acesta, la cea de-a cincea edi\u021bie a Zilei Por\u021bilor Deschise \u00een Domeniul Frumuse\u021bii, te invit\u0103m s\u0103 tr\u0103ie\u0219ti o experien\u021b\u0103 unic\u0103, dedicat\u0103 inspira\u021biei, motiva\u021biei \u0219i redescoperirii frumuse\u021bii \u00een toate formele ei. Invitatul nostru special, cunoscut pentru energia pozitiv\u0103, pove\u0219tile [&hellip;]<\/p>\n","protected":false},"author":1,"featured_media":14,"parent":0,"template":"","etn_category":[],"etn_tags":[],"class_list":["post-93","etn","type-etn","status-publish","has-post-thumbnail","hentry"],"_links":{"self":[{"href":"https:\/\/evenimente.cursurimachiaj.ro\/wordpress\/wp-json\/wp\/v2\/etn\/93","targetHints":{"allow":["GET"]}}],"collection":[{"href":"https:\/\/evenimente.cursurimachiaj.ro\/wordpress\/wp-json\/wp\/v2\/etn"}],"about":[{"href":"https:\/\/evenimente.cursurimachiaj.ro\/wordpress\/wp-json\/wp\/v2\/types\/etn"}],"author":[{"embeddable":true,"href":"https:\/\/evenimente.cursurimachiaj.ro\/wordpress\/wp-json\/wp\/v2\/users\/1"}],"wp:featuredmedia":[{"embeddable":true,"href":"https:\/\/evenimente.cursurimachiaj.ro\/wordpress\/wp-json\/wp\/v2\/media\/14"}],"wp:attachment":[{"href":"https:\/\/evenimente.cursurimachiaj.ro\/wordpress\/wp-json\/wp\/v2\/media?parent=93"}],"wp:term":[{"taxonomy":"etn_category","embeddable":true,"href":"https:\/\/evenimente.cursurimachiaj.ro\/wordpress\/wp-json\/wp\/v2\/etn_category?post=93"},{"taxonomy":"etn_tags","embeddable":true,"href":"https:\/\/evenimente.cursurimachiaj.ro\/wordpress\/wp-json\/wp\/v2\/etn_tags?post=93"}],"curies":[{"name":"wp","href":"https:\/\/api.w.org\/{rel}","templated":true}]}}